{"id":578,"date":"2025-07-18T17:59:54","date_gmt":"2025-07-18T17:59:54","guid":{"rendered":"https:\/\/orl-ks.org\/?page_id=578"},"modified":"2025-10-18T17:34:18","modified_gmt":"2025-10-18T17:34:18","slug":"udhezimet-per-dergimin-e-abstraktit","status":"publish","type":"page","link":"https:\/\/orl-ks.org\/sq\/udhezimet-per-dergimin-e-abstraktit\/","title":{"rendered":"Udh\u00ebzimet p\u00ebr D\u00ebrgimin e Abstraktit"},"content":{"rendered":"<div class=\"wpb-content-wrapper\">\n<section class=\"vc_row wpb_row vc_row-fluid no_padding\">\n\t\t<div class=\"row\">\n            <div class=\"wpb_column vc_column_container col-sm-8 margin_bottom_grid text-left\">\n                <div class=\"wpb_wrapper\">\n\n\t<div class=\"wpb_text_column wpb_content_element\" >\n\t\t<div class=\"wpb_wrapper\">\n\t\t\t<h3><strong>UDH\u00cbZIMET P\u00cbR D\u00cbRGIMIN E ABSTRAKTIT<\/strong><\/h3>\n<ul>\n<li>Teksti i abstraktit (duke mos p\u00ebrfshir\u00eb titullin e abstraktit dhe radh\u00ebn e autor\u00ebve) nuk guxon t\u00eb kaloj\u00eb 300 fjal\u00ebshin.<\/li>\n<li>Grafikonet, fotot dhe\/ose tabelat jan\u00eb t\u00eb pranueshme. Nuk duhet t\u00eb ket\u00eb emra identifikues t\u00eb pacient\u00ebve, t\u00eb dh\u00ebna apo tipare t\u00eb fytyr\u00ebs.<\/li>\n<li>Formati i videove: Nuk guxon t\u00eb kaloj\u00eb 5 minut\u00ebshin. Z\u00ebri \u00ebsht\u00eb opsional. Pranohen vet\u00ebm formatet MOV ose MP4.<\/li>\n<\/ul>\n<p>Duhet t\u00eb plot\u00ebsoni t\u00eb dh\u00ebnat e m\u00ebposhtme para s\u00eb t\u00eb dor\u00ebzoni abstraktin tuaj:<\/p>\n<ul>\n<li>Kontaktin primar dhe informatat e prezantuesit (emri, adresa, numri i telefonit dhe e-mail adresa)<\/li>\n<li>Emri dhe e-mail adresa e an\u00ebtarit sponsor<\/li>\n<li>Lista e autor\u00ebve<\/li>\n<li>P\u00ebrmbajtja e abstraktit (300 fjal\u00eb ose m\u00eb pak)<\/li>\n<li>P\u00ebrdorni fontin Times New Roman, madh\u00ebsia 12<\/li>\n<li>Ju lutemi sigurohuni q\u00eb t\u00eb mos ket\u00eb gabime gramatikore<\/li>\n<li>Dy pyetje vet\u00ebvler\u00ebsuese dhe p\u00ebrgjigje p\u00ebr CME n\u00eb rast se punimi juaj pranohet p\u00ebr prezantim oral apo Quick-shot.<\/li>\n<\/ul>\n<p>Data e fundit p\u00ebr d\u00ebrgim: 30 Mars 2026, n\u00eb mesnat\u00eb. Asnj\u00eb abstrakt nuk do t\u00eb pranohet pas k\u00ebsaj date.<\/p>\n<p>Njoftimi i autor\u00ebve: 3 Maj 2026<\/p>\n<p><strong>V\u00cbREJTJE: Abstraktet, poster\u00ebt apo videot q\u00eb jan\u00eb prezantuar dhe publikuar m\u00eb par\u00eb, nuk do t\u00eb pranohen.<\/strong><\/p>\n\n\t\t<\/div>\n\t<\/div>\n\n                <\/div>\n            <\/div>\n            <div class=\"wpb_column vc_column_container col-sm-4 text-left\">\n                <div class=\"wpb_wrapper\">\n<div class=\"vc_separator wpb_content_element vc_separator_align_left vc_sep_width_100 vc_sep_pos_align_right vc_sep_color_black vc_separator-has-text\" ><span class=\"vc_sep_holder vc_sep_holder_l\"><span class=\"vc_sep_line\"><\/span><\/span><h4>DATA E FUNDIT P\u00cbR DOR\u00cbZIM<\/h4><span class=\"vc_sep_holder vc_sep_holder_r\"><span class=\"vc_sep_line\"><\/span><\/span>\n<\/div>\n\t<div class=\"wpb_text_column wpb_content_element\" >\n\t\t<div class=\"wpb_wrapper\">\n\t\t\t<h4>30 Mars 2026<\/h4>\n\n\t\t<\/div>\n\t<\/div>\n\n\t<div  class=\"wpb_single_image wpb_content_element vc_align_left\">\n\t\t\n\t\t<figure class=\"wpb_wrapper vc_figure\">\n\t\t\t<div class=\"vc_single_image-wrapper   vc_box_border_grey\"><\/div>\n\t\t<\/figure>\n\t<\/div>\n\n                <\/div>\n            <\/div>\n\t\t<\/div>\n<\/section>\n\n\n<\/div>","protected":false},"excerpt":{"rendered":"UDH\u00cbZIMET P\u00cbR D\u00cbRGIMIN E ABSTRAKTIT Teksti i abstraktit (duke mos p\u00ebrfshir\u00eb titullin e abstraktit dhe radh\u00ebn e autor\u00ebve) nuk guxon t\u00eb kaloj\u00eb 300 fjal\u00ebshin. Grafikonet, fotot dhe\/ose tabelat jan\u00eb t\u00eb pranueshme. Nuk duhet t\u00eb ket\u00eb emra identifikues t\u00eb pacient\u00ebve, t\u00eb dh\u00ebna apo tipare t\u00eb fytyr\u00ebs. Formati i videove: Nuk guxon t\u00eb kaloj\u00eb 5 minut\u00ebshin. Z\u00ebri [...]","protected":false},"author":2,"featured_media":0,"parent":0,"menu_order":0,"comment_status":"closed","ping_status":"closed","template":"","meta":{"footnotes":""},"class_list":["post-578","page","type-page","status-publish","hentry"],"_links":{"self":[{"href":"https:\/\/orl-ks.org\/sq\/wp-json\/wp\/v2\/pages\/578","targetHints":{"allow":["GET"]}}],"collection":[{"href":"https:\/\/orl-ks.org\/sq\/wp-json\/wp\/v2\/pages"}],"about":[{"href":"https:\/\/orl-ks.org\/sq\/wp-json\/wp\/v2\/types\/page"}],"author":[{"embeddable":true,"href":"https:\/\/orl-ks.org\/sq\/wp-json\/wp\/v2\/users\/2"}],"replies":[{"embeddable":true,"href":"https:\/\/orl-ks.org\/sq\/wp-json\/wp\/v2\/comments?post=578"}],"version-history":[{"count":3,"href":"https:\/\/orl-ks.org\/sq\/wp-json\/wp\/v2\/pages\/578\/revisions"}],"predecessor-version":[{"id":614,"href":"https:\/\/orl-ks.org\/sq\/wp-json\/wp\/v2\/pages\/578\/revisions\/614"}],"wp:attachment":[{"href":"https:\/\/orl-ks.org\/sq\/wp-json\/wp\/v2\/media?parent=578"}],"curies":[{"name":"wp","href":"https:\/\/api.w.org\/{rel}","templated":true}]}}